{"id":6985,"date":"2020-03-05T10:59:16","date_gmt":"2020-03-05T09:59:16","guid":{"rendered":"https:\/\/www.orodelsalento.com\/unkategorisiert\/geschnittene-auberginen-in-extra-natives-olivenol\/"},"modified":"2025-11-14T08:58:54","modified_gmt":"2025-11-14T07:58:54","slug":"geschnittene-auberginen-in-extra-natives-olivenol","status":"publish","type":"product","link":"https:\/\/www.orodelsalento.com\/de\/produkte-in-ol\/geschnittene-auberginen-in-extra-natives-olivenol\/","title":{"rendered":"Geschnittene Auberginen in extra natives Oliven\u00f6l"},"content":{"rendered":"<p>Eins unserer beliebtesten Produkte sind die geschnittene Auberginen in extra natives Oliven\u00f6l.<\/p>\n<p>Fein in Streifen geschnitten, sind die Auberginen per Hand hergestellt und werden nach typischen apulischen Rezept gew\u00fcrtzt.\u00a0<\/p>\n<p>Wie auf dem Foto abgebildet ist die Standardma\u00dfe 230 Gramm.<\/p>\n<p>Auberginen in \u00d6l eingelegt<\/p>\n<p>Die geschnittene Auberginen in extra natives Oliven\u00f6l sind ideal f\u00fcr kalte und warme Speisen, H\u00e4ppchen und Antipasti. Wir empfehlen es das Produkt vor der \u00d6ffnung in einem trockenen und warmen Ort zu lagern und sobald ge\u00f6ffnet im K\u00fchlschrank.\u00a0<\/p>\n<p>Das Produkt hat ab Produktion eine Haltbarkeit von 24 Monaten.\u00a0<\/p>\n","protected":false},"excerpt":{"rendered":"<p>Die geschnittene Auberginen in extra natives Oliven\u00f6l sind mit einer Prise Knoblauch, Chili Schote und nat\u00fcrliche Kr\u00e4uter gew\u00fcrtzt um das nat\u00fcrliche Aroma beizubehalten.\u00a0<\/p>\n","protected":false},"featured_media":6986,"comment_status":"open","ping_status":"closed","template":"","meta":{"_mbp_gutenberg_autopost":false,"_pgmb_is_evergreen":true,"_pgmb_ap_template_id":14124},"product_brand":[],"product_cat":[207],"product_tag":[],"class_list":{"0":"post-6985","1":"product","2":"type-product","3":"status-publish","4":"has-post-thumbnail","6":"product_cat-produkte-in-ol","8":"first","9":"instock","10":"shipping-taxable","11":"purchasable","12":"product-type-simple"},"_links":{"self":[{"href":"https:\/\/www.orodelsalento.com\/de\/wp-json\/wp\/v2\/product\/6985","targetHints":{"allow":["GET"]}}],"collection":[{"href":"https:\/\/www.orodelsalento.com\/de\/wp-json\/wp\/v2\/product"}],"about":[{"href":"https:\/\/www.orodelsalento.com\/de\/wp-json\/wp\/v2\/types\/product"}],"replies":[{"embeddable":true,"href":"https:\/\/www.orodelsalento.com\/de\/wp-json\/wp\/v2\/comments?post=6985"}],"version-history":[{"count":0,"href":"https:\/\/www.orodelsalento.com\/de\/wp-json\/wp\/v2\/product\/6985\/revisions"}],"wp:featuredmedia":[{"embeddable":true,"href":"https:\/\/www.orodelsalento.com\/de\/wp-json\/wp\/v2\/media\/6986"}],"wp:attachment":[{"href":"https:\/\/www.orodelsalento.com\/de\/wp-json\/wp\/v2\/media?parent=6985"}],"wp:term":[{"taxonomy":"product_brand","embeddable":true,"href":"https:\/\/www.orodelsalento.com\/de\/wp-json\/wp\/v2\/product_brand?post=6985"},{"taxonomy":"product_cat","embeddable":true,"href":"https:\/\/www.orodelsalento.com\/de\/wp-json\/wp\/v2\/product_cat?post=6985"},{"taxonomy":"product_tag","embeddable":true,"href":"https:\/\/www.orodelsalento.com\/de\/wp-json\/wp\/v2\/product_tag?post=6985"}],"curies":[{"name":"wp","href":"https:\/\/api.w.org\/{rel}","templated":true}]}}